{"id":11001,"date":"2021-04-20T13:10:56","date_gmt":"2021-04-20T11:10:56","guid":{"rendered":"https:\/\/www.sp14.tychy.pl\/?page_id=11001"},"modified":"2021-04-21T16:56:46","modified_gmt":"2021-04-21T14:56:46","slug":"ksiazki-dla-dzieci-6","status":"publish","type":"page","link":"https:\/\/www.sp14.tychy.pl\/?page_id=11001","title":{"rendered":"Ksi\u0105\u017cki dla dzieci 6+"},"content":{"rendered":"\n<div class=\"wp-block-image\"><figure class=\"alignleft size-large is-resized\"><img decoding=\"async\" src=\"https:\/\/www.sp14.tychy.pl\/wp-content\/uploads\/2021\/04\/4-1.png\" alt=\"\" class=\"wp-image-10926\" width=\"468\" srcset=\"https:\/\/www.sp14.tychy.pl\/wp-content\/uploads\/2021\/04\/4-1.png 940w, https:\/\/www.sp14.tychy.pl\/wp-content\/uploads\/2021\/04\/4-1-300x251.png 300w, https:\/\/www.sp14.tychy.pl\/wp-content\/uploads\/2021\/04\/4-1-150x126.png 150w, https:\/\/www.sp14.tychy.pl\/wp-content\/uploads\/2021\/04\/4-1-768x644.png 768w\" sizes=\"(max-width: 940px) 100vw, 940px\" \/><\/figure><\/div>\n\n\n\n<p>Ksi\u0105\u017cki dla dzieci w wieku 6+ to ju\u017c nie byle gratka. Poza barwn\u0105 ilustracj\u0105 pojawia si\u0119 tekst, kt\u00f3rego mo\u017ce by\u0107 wi\u0119cej, a ponadto mo\u017ce by\u0107 ju\u017c samodzielnie czytany przez dzieci. <\/p>\n\n\n\n<p>Jest to te\u017c czas kiedy ksi\u0105\u017cka bardzo ciekawi m\u0142odego czytelnika.  Dzia\u0142aj\u0105ca od 2005 roku Fundacja ABC XXI &#8211; organizator kampanii spo\u0142ecznej &#8222;Ca\u0142a Polska czyta dzieciom&#8221; od pocz\u0105tku istnienia propaguje codzienne czytanie dzieciom jako skuteczn\u0105, tani\u0105 i przyjazn\u0105 metod\u0119 wspomagania ich wszechstronnego rozwoju. <\/p>\n\n\n\n<p>Ma\u0142gorzata Chojecka, wchodz\u0105ca w sk\u0142ad zespo\u0142u merytorycznego Fundacji, podpowiada <strong><a href=\"https:\/\/calapolskaczytadzieciom.pl\/dla-edukatorow\/czytanie-dzieciom\/co-zrobic-zeby-nasze-dzieci-polubily-czytanie\/#\">Co zrobi\u0107, \u017ceby nasze dzieci polubi\u0142y czytanie<\/a><\/strong> oraz zaleca: <strong><a href=\"https:\/\/calapolskaczytadzieciom.pl\/dla-rodzicow\/o-wychowaniu\/chcesz-pomoc-swojemu-pierwszoklasiscie-czytaj-mu\/\">Chcesz pom\u00f3c swojemu pierwszoklasi\u015bcie? Czytaj mu!<\/a><\/strong>     <\/p>\n\n\n\n<p>Prezentowane zestawienie ksi\u0105\u017cek w kategorii 6+ nale\u017cy traktowa\u0107 jako wsparcie, nie za\u015b jako kryterium ostateczne. Wiele z poni\u017cszych tytu\u0142\u00f3w mo\u017ce by\u0107 odpowiednie ju\u017c dla dzieci w wieku 3+, a cz\u0119\u015b\u0107 jeszcze dla dzieci 9+ . <\/p>\n\n\n\n<p>Linki oznaczone kolorem czerwonym oznaczaj\u0105 <span class=\"has-inline-color has-vivid-red-color\">lektury szkolne<\/span>. <\/p>\n\n\n\n<p><br><\/p>\n\n\n\n<p><strong><a href=\"https:\/\/www.facebook.com\/KrytykaPolityczna\/videos\/228658998384716\/\">Kim jest \u015blimak Sam?<\/a><\/strong> &#8211; Maria M. Paw\u0142owska, Jakub Szama\u0142ek \/ czyta Klara Bielawka<\/p>\n\n\n\n<p><strong><a href=\"https:\/\/www.facebook.com\/MiedzypokoleniowyFestiwal\/videos\/564643707492382\/\">Mazurscy w podr\u00f3\u017cy<\/a><\/strong> &#8211; Agnieszka Stelmaszyk \/ czyta Agnieszka Stelmaszyk<\/p>\n\n\n\n<p><strong><a href=\"https:\/\/www.facebook.com\/MiedzypokoleniowyFestiwal\/videos\/546558415832467\/\">Z\u0142ociejowo<\/a><\/strong> &#8211; Katarzyna Ryrych \/ czyta Katarzyna Ryrych<\/p>\n\n\n\n<p><strong>Bodzio i pulpet <\/strong><a href=\"https:\/\/www.youtube.com\/watch?v=7CMT-Aja8Yc&amp;list=PLlEEPEUpgffQpS1cO8YelsVSrNP6lgmBm\">cz. 1<\/a>, <a href=\"https:\/\/www.youtube.com\/watch?v=7C43RbqhnWM&amp;list=PLlEEPEUpgffQpS1cO8YelsVSrNP6lgmBm&amp;index=2\">cz.2<\/a>, <a href=\"https:\/\/www.youtube.com\/watch?v=jq76QjjhUSI&amp;list=PLlEEPEUpgffQpS1cO8YelsVSrNP6lgmBm&amp;index=3\">cz. 3<\/a>, <a href=\"https:\/\/www.youtube.com\/watch?v=Afdh0mcUL5k&amp;list=PLlEEPEUpgffQpS1cO8YelsVSrNP6lgmBm&amp;index=4\">cz. 4<\/a>&#8211; Grzegorz Kasdepke \/ czyta Przemys\u0142aw Glapi\u0144ski<\/p>\n\n\n\n<p><strong>Ale Kosmos \u2013 to znowu Bodzio i Pulpet<\/strong>  <a href=\"https:\/\/www.youtube.com\/watch?v=3avzTt7udoc&amp;list=PLlEEPEUpgffQpS1cO8YelsVSrNP6lgmBm&amp;index=5\">cz. 1<\/a>, <a href=\"https:\/\/www.youtube.com\/watch?v=ICo4GaXq3IM&amp;list=PLlEEPEUpgffQpS1cO8YelsVSrNP6lgmBm&amp;index=6\">cz. 2<\/a> &#8211; Grzegorz Kasdepke \/ czyta Przemys\u0142aw Glapi\u0144ski<\/p>\n\n\n\n<p class=\"has-text-align-left\"><strong><a href=\"https:\/\/www.facebook.com\/100001181205564\/videos\/3613031032079568\">Wiktorio, I love you!<\/a><\/strong> &#8211; Maja Hjertzell \/ czyta Ma\u0142gorzata Sw\u0119drowska<\/p>\n\n\n\n<p><strong><a href=\"https:\/\/youtu.be\/e7SJEtQtFsY\">Wielka ucieczka dziadka<\/a><\/strong> &#8211; David Walliams \/ czyta Jaros\u0142aw Boberek<\/p>\n\n\n\n<p><strong><a href=\"https:\/\/youtu.be\/DoKNiN4QpYI\">Babcia Rabu\u015b<\/a><\/strong> &#8211; David Walliams \/ czyta Jaros\u0142aw Boberek<\/p>\n\n\n\n<p><strong><a href=\"https:\/\/youtu.be\/_aBTJO4ih2w\">Gang Godziny Duch\u00f3w<\/a><\/strong> &#8211; David Walliams \/ czyta Jaros\u0142aw Boberek<\/p>\n\n\n\n<p><strong><a href=\"https:\/\/youtu.be\/w2dHYXn-oUY\">Trefny Tatu\u015b<\/a><\/strong> &#8211; David Walliams \/ czyta Jaros\u0142aw Boberek<\/p>\n\n\n\n<p><strong><a href=\"https:\/\/youtu.be\/YKdnnavCXes\">Ma\u0142y Miliarder<\/a><\/strong> &#8211; David Walliams \/ czyta Jaros\u0142aw Boberek  <\/p>\n\n\n\n<p><strong><a href=\"https:\/\/www.facebook.com\/wydawnictwowytwornia\/videos\/1148488112173249\/\">Bjorn<\/a><\/strong> &#8211; Delphine Perret \/ czyta Micha\u0142 Podsiad\u0142o<\/p>\n\n\n\n<p><strong><a href=\"https:\/\/www.facebook.com\/wydawnictwowytwornia\/videos\/1560411360779427\/\">Bjorn w wielkim \u015bwiecie<\/a><\/strong> &#8211; Delphine Perret \/ czyta Micha\u0142 Podsiad\u0142o<\/p>\n\n\n\n<p><strong><a href=\"https:\/\/www.facebook.com\/MiedzypokoleniowyFestiwal\/videos\/555422811768025\/\">Misia i jej mali przyjaciele<\/a><\/strong> &#8211; Aniela Cholewi\u0144ska-Szkolik \/ czyta Aniela Cholewi\u0144ska-Szkolik <\/p>\n\n\n\n<p><strong><a href=\"https:\/\/www.facebook.com\/KrakowMiastoLiteraturyUNESCO\/videos\/267115634304429\/\">Ksi\u0105\u017c\u0119 w cukierni<\/a><\/strong> &#8211; Marek Bie\u0144czyk \/ czyta Marek Bie\u0144czyk <\/p>\n\n\n\n<p><strong><a href=\"https:\/\/www.facebook.com\/KrakowMiastoLiteraturyUNESCO\/videos\/2792246934234798\/\">Mitologia. Przygody s\u0142owia\u0144skich bog\u00f3w<\/a><\/strong> &#8211; Melania Kapelusz \/ czyta Melania Kapelusz<\/p>\n\n\n\n<p><strong><a href=\"https:\/\/www.facebook.com\/KrakowMiastoLiteraturyUNESCO\/videos\/225495742054035\/\">Sk\u0105d przyszed\u0142 pies<\/a><\/strong> &#8211; Dorota Sumi\u0144ska \/ czyta Dorota Sumi\u0144ska<\/p>\n\n\n\n<p><strong><a href=\"https:\/\/www.facebook.com\/KrakowMiastoLiteraturyUNESCO\/videos\/218164919611068\/\">Maciupek i Male\u0144tas. Niezwyk\u0142e przygody w Brzuchu Mamy<\/a><\/strong> &#8211; Anna Janko \/ czyta Anna Janko<\/p>\n\n\n\n<p><strong><a href=\"https:\/\/www.facebook.com\/KrakowMiastoLiteraturyUNESCO\/videos\/317327905894348\/\">Bajka na ko\u0144cu \u015bwiata &#8211; tom 4. <em>Opowie\u015b\u0107 go\u0142\u0119bia<\/em><\/a> <\/strong>&#8211; Marcin Podolec \/ czyta Marcin Podolec<\/p>\n\n\n\n<p><a href=\"https:\/\/youtu.be\/0ZE2gnkkhB8\"><strong>Asiunia<\/strong><\/a> &#8211; Joanna Papuzi\u0144ska \/ czyta Agata Kulesza<\/p>\n\n\n\n<p><strong><a href=\"https:\/\/youtu.be\/b-natYvpqDc\"><span class=\"has-inline-color has-vivid-red-color\">Afryka Kazika<\/span><\/a><\/strong> &#8211; \u0141ukasz Wierzbicki \/ czyta Jacek Kawalec<\/p>\n\n\n\n<p><a href=\"https:\/\/youtu.be\/UbH56wdPqWE\"><strong><span class=\"has-inline-color has-vivid-red-color\">Dzieci z Bullerbyn<\/span><\/strong><\/a> &#8211; Astrid Lindgren \/ czyta Edyta Jungowska<\/p>\n\n\n\n<p><strong><a href=\"https:\/\/youtu.be\/1sorMbUN3tE\"><span class=\"has-inline-color has-vivid-red-color\">Detektyw Pozytywka<\/span><\/a><\/strong><span class=\"has-inline-color has-vivid-red-color\"> <\/span>&#8211; Grzegorz Kasdepke \/czyta Wojciech Malajkat<\/p>\n\n\n\n<p><strong><a href=\"https:\/\/youtu.be\/SLbwhFqiwhA\">Pami\u0119tnik Czarnego Noska<\/a><\/strong> &#8211; Joanna Porazi\u0144ska \/ czyta Leszek Filipowicz<\/p>\n\n\n\n<p><strong><a href=\"https:\/\/youtu.be\/gTY85VF0His\">Emi i Tajny Klub Superdziewczyn<\/a><\/strong> &#8211; Agnieszka Mielech \/ czyta Joanna Pach-\u017bbikowska<\/p>\n\n\n\n<p><strong><a href=\"https:\/\/www.facebook.com\/1961437024085287\/videos\/135484604556262\/\">Gofrowe serce<\/a><\/strong> &#8211; Maria Parr \/ czyta Paulina Holtz<\/p>\n\n\n\n<p><strong><a href=\"https:\/\/www.facebook.com\/1961437024085287\/videos\/646567246122247\/\">Ronja, c\u00f3rka zb\u00f3jnika<\/a><\/strong> &#8211; Astrid Lindgren \/ czyta Paulina Holtz<\/p>\n\n\n\n<p><strong><a href=\"https:\/\/www.facebook.com\/AmbasadaSzwecji\/videos\/231935634818717\/\">Czy znasz Pippi Po\u0144czoszank\u0119?<\/a><\/strong> &#8211; Astrid Lindgren<\/p>\n\n\n\n<p><strong><a href=\"https:\/\/www.facebook.com\/WydawnictwoAdamada\/videos\/258487952004160\/\">O Kamilu, kt\u00f3ry patrzy r\u0119kami<\/a><\/strong> &#8211; Tomasz Ma\u0142kowski<\/p>\n\n\n\n<p><strong><a href=\"https:\/\/youtu.be\/y9sqfepiFgM\">Ksi\u0105\u017cka bez obrazk\u00f3w<\/a><\/strong> &#8211; Benjamin Joseph Novak \/ czyta Maciej Stuhr<\/p>\n\n\n\n<p><strong><a href=\"https:\/\/www.facebook.com\/TerapeutaCoachPsychologSzkolenia\/videos\/681557395996652\/\">Smutek i zakl\u0119te miasto<\/a> <\/strong>&#8211; 1\/4 Wojciech Ko\u0142yszko, Jovanka Tomaszewska \/ czyta Ewa Sawicka<\/p>\n\n\n\n<p><strong><a href=\"https:\/\/youtu.be\/3cPa97ddNyk\">Wielka ksi\u0119ga uczu\u0107<\/a><\/strong> Grzegorza Kasdepke \/ czyta \u017baneta Ma\u0142kowska <\/p>\n\n\n\n<p><strong><a href=\"https:\/\/www.facebook.com\/KsiegarniaSkladGlowny\/videos\/698173544344285\/\">Kubu\u015b Puchatek<\/a><\/strong> &#8211; A. A. Milne \/ czyta Katarzyna Chorz\u0119pa<\/p>\n\n\n\n<p><strong><a href=\"https:\/\/www.youtube.com\/watch?v=H8BvmG0rxEk\">O malarzu rudym jak ceg\u0142a<\/a><\/strong> &#8211; Janusz Stanny \/ czyta Beata Jewiarz<\/p>\n\n\n\n<p><strong><a href=\"https:\/\/www.youtube.com\/watch?v=RI4O97t6Xv8\">Mama bohatera<\/a><\/strong> &#8211; Roberto Malo, Francisco Javier Mateos, Marjorie Pourchet \/ czyta Andrzej \u017bak<\/p>\n\n\n\n<p><strong>Tylko bez ca\u0142owania! czyli jak sobie radzi\u0107 z emocjami <\/strong><a href=\"https:\/\/www.youtube.com\/watch?v=_95Jb5Hk86U\">cz. 1<\/a>, <a href=\"https:\/\/www.youtube.com\/watch?v=bEFkAG8MpSs\">cz. 2<\/a>, <a href=\"https:\/\/www.youtube.com\/watch?v=eZ8sf1bV-tU\">cz. 3<\/a>, <a href=\"https:\/\/www.youtube.com\/watch?v=GGf4jaXvOrg\">cz. 4<\/a>&#8211; Grzegorz Kasdepke \/ czyta &nbsp;D. Gorjainow<\/p>\n\n\n\n<p><em>Opowie\u015b\u0107 o skarpetce sz\u00f3stej, kt\u00f3ra zwin\u0119\u0142a si\u0119 w ro\u017cek i przysiad\u0142a na krzaku r\u00f3\u017canym, a potem wygra\u0142a konkurs na najpi\u0119kniejszy kwiat <\/em>z ksi\u0105\u017cki <strong><a href=\"https:\/\/vod.tvp.pl\/video\/czytanie-przed-spaniem,opowiesc-o-skarpetce-szostej,26727595\"><span class=\"has-inline-color has-vivid-red-color\">Niesamowite przygody dziesi\u0119ciu skarpetek<\/span><\/a><\/strong> &#8211; Justyna Bednarek \/ czyta Joanna Kulig<\/p>\n\n\n\n<p><em>Opowie\u015b\u0107 o skarpetce dziesi\u0105tej, kt\u00f3ra pomog\u0142a odzyska\u0107 dobry humor choremu dziecku i dosta\u0142a bardzo wa\u017cne stanowisko w szpitalu<\/em> z ksi\u0105\u017cki <strong><a href=\"https:\/\/vod.tvp.pl\/video\/czytanie-przed-spaniem,opowiesc-o-skarpetce-dziesiatej,27032057\"><span class=\"has-inline-color has-vivid-red-color\">Niesamowite przygody dziesi\u0119ciu skarpetek<\/span><\/a><\/strong> &#8211; Justyna Bednarek \/ czyta Karolina Gorczyca<\/p>\n","protected":false},"excerpt":{"rendered":"<p>Ksi\u0105\u017cki dla dzieci w wieku 6+ to ju\u017c nie byle gratka. Poza barwn\u0105 ilustracj\u0105 pojawia si\u0119 tekst, kt\u00f3rego mo\u017ce by\u0107 wi\u0119cej, a ponadto mo\u017ce by\u0107 ju\u017c samodzielnie czytany przez dzieci. Jest to te\u017c czas kiedy ksi\u0105\u017cka bardzo ciekawi m\u0142odego czytelnika. Dzia\u0142aj\u0105ca od 2005 roku Fundacja ABC XXI &#8211; organizator kampanii spo\u0142ecznej &#8222;Ca\u0142a Polska czyta dzieciom&#8221; [&hellip;]<\/p>\n","protected":false},"author":21,"featured_media":0,"parent":0,"menu_order":0,"comment_status":"closed","ping_status":"closed","template":"","meta":{"_mi_skip_tracking":false},"_links":{"self":[{"href":"https:\/\/www.sp14.tychy.pl\/index.php?rest_route=\/wp\/v2\/pages\/11001"}],"collection":[{"href":"https:\/\/www.sp14.tychy.pl\/index.php?rest_route=\/wp\/v2\/pages"}],"about":[{"href":"https:\/\/www.sp14.tychy.pl\/index.php?rest_route=\/wp\/v2\/types\/page"}],"author":[{"embeddable":true,"href":"https:\/\/www.sp14.tychy.pl\/index.php?rest_route=\/wp\/v2\/users\/21"}],"replies":[{"embeddable":true,"href":"https:\/\/www.sp14.tychy.pl\/index.php?rest_route=%2Fwp%2Fv2%2Fcomments&post=11001"}],"version-history":[{"count":11,"href":"https:\/\/www.sp14.tychy.pl\/index.php?rest_route=\/wp\/v2\/pages\/11001\/revisions"}],"predecessor-version":[{"id":11144,"href":"https:\/\/www.sp14.tychy.pl\/index.php?rest_route=\/wp\/v2\/pages\/11001\/revisions\/11144"}],"wp:attachment":[{"href":"https:\/\/www.sp14.tychy.pl\/index.php?rest_route=%2Fwp%2Fv2%2Fmedia&parent=11001"}],"curies":[{"name":"wp","href":"https:\/\/api.w.org\/{rel}","templated":true}]}}