{"id":11006,"date":"2021-04-20T13:13:48","date_gmt":"2021-04-20T11:13:48","guid":{"rendered":"https:\/\/www.sp14.tychy.pl\/?page_id=11006"},"modified":"2021-04-23T07:45:31","modified_gmt":"2021-04-23T05:45:31","slug":"ksiazki-dla-dzieci-0","status":"publish","type":"page","link":"https:\/\/www.sp14.tychy.pl\/?page_id=11006","title":{"rendered":"Ksi\u0105\u017cki dla dzieci 0+"},"content":{"rendered":"\n<div class=\"wp-block-image\"><figure class=\"alignleft size-large is-resized\"><img decoding=\"async\" src=\"https:\/\/www.sp14.tychy.pl\/wp-content\/uploads\/2021\/04\/3-2.png\" alt=\"\" class=\"wp-image-10928\" width=\"467\" srcset=\"https:\/\/www.sp14.tychy.pl\/wp-content\/uploads\/2021\/04\/3-2.png 940w, https:\/\/www.sp14.tychy.pl\/wp-content\/uploads\/2021\/04\/3-2-300x251.png 300w, https:\/\/www.sp14.tychy.pl\/wp-content\/uploads\/2021\/04\/3-2-150x126.png 150w, https:\/\/www.sp14.tychy.pl\/wp-content\/uploads\/2021\/04\/3-2-768x644.png 768w\" sizes=\"(max-width: 940px) 100vw, 940px\" \/><\/figure><\/div>\n\n\n\n<p><br><br><\/p>\n\n\n\n<p>Ma\u0142e dzieci powinny oswaja\u0107 si\u0119 z ksi\u0105\u017ckami poniewa\u017c ksi\u0105\u017cki s\u0105 niesamowicie wa\u017cnym elementem edukacji kulturalnej dziecka. Czytanie jednak powinno by\u0107 dobr\u0105 zabaw\u0105, rozwijaj\u0105c\u0105 kompetencje dziecka zwi\u0105zane z&nbsp;komunikacj\u0105, inteligencj\u0105 emocjonaln\u0105, koncentracj\u0105, emocjami i&nbsp;odpoczynkiem. Mamy nadziej\u0119, \u017ce w tak du\u017cym wyborze znajdzie si\u0119 niejedna ksi\u0105\u017cka, kt\u00f3ra zainteresuje dzieci.<\/p>\n\n\n\n<p>Zestawienie poni\u017cszych bajek i opowiada\u0144 zosta\u0142o zakwalifikowane do grupy &#8222;0+&#8221;, jednak spora cz\u0119\u015b\u0107 tytu\u0142\u00f3w nadaje si\u0119 dla dzieci w wieku 3+. Kategori\u0119 nale\u017cy traktowa\u0107 jako wsparcie, nie za\u015b jako kryterium ostateczne.  Wiele z poni\u017cszych tytu\u0142\u00f3w nadal b\u0119dzie odpowiednie nawet dla dzieci w wieku 6+.<\/p>\n\n\n\n<p><br><br><br><br><\/p>\n\n\n\n<p><strong><a href=\"https:\/\/www.facebook.com\/MiedzypokoleniowyFestiwal\/videos\/1487249868115911\/\">Tappi i tajemnica bu\u0142eczek Bollego<\/a><\/strong> &#8211; Marcin Mortka, Marta Kurczewska \/ czyta Marcin Mortka<\/p>\n\n\n\n<p><strong><a href=\"https:\/\/www.facebook.com\/KrakowMiastoLiteraturyUNESCO\/videos\/2650266351859456\/\">Ksi\u0119gi potwor\u00f3w<\/a><\/strong> &#8211; Micha\u0142 Rusinek \/ czyta Micha\u0142 Rusinek<\/p>\n\n\n\n<p><strong><a href=\"https:\/\/www.facebook.com\/MiedzypokoleniowyFestiwal\/videos\/215576216319234\/\">A niech to g\u0119\u015b kopnie<\/a><\/strong> &#8211; Marta Gu\u015bniowska,&nbsp;Robert Romanowicz \/ czyta Marta Gu\u015bniowska<\/p>\n\n\n\n<p><strong><a href=\"https:\/\/www.youtube.com\/watch?v=HzPcaJ7e7xk\">Basia i wiosna<\/a><\/strong> &#8211; Zofia Stanecka \/ czyta Zofia Stanecka<\/p>\n\n\n\n<p><strong><a href=\"https:\/\/www.facebook.com\/KsiegarniaSkladGlowny\/videos\/462983001124420\/?t=83\">Basia i mama w pracy<\/a><\/strong> &#8211; Zofia Stanecka \/ Ksi\u0119garnia Sk\u0142ad G\u0142\u00f3wny <\/p>\n\n\n\n<p><a href=\"https:\/\/youtu.be\/sXNeFvZH3xU\"><strong>Ernest<\/strong><\/a> &#8211; Catherine Rayner \/ czyta Ma\u0142gorzata Sw\u0119drowska<\/p>\n\n\n\n<p><strong><a href=\"https:\/\/www.facebook.com\/100001181205564\/videos\/3547212401994765\">Moja babcia, m\u00f3j dziadek<\/a><\/strong> &#8211; Joanna Bartosik,&nbsp;Sw\u0119drowska Ma\u0142gorzata \/ czyta Ma\u0142gorzata Sw\u0119drowska<\/p>\n\n\n\n<p><strong><a href=\"https:\/\/www.facebook.com\/KrakowMiastoLiteraturyUNESCO\/videos\/657805084953375\/\">Moja mama, m\u00f3j tata<\/a><\/strong> &#8211; Ma\u0142gorzata Sw\u0119drowska \/ czyta Ma\u0142gorzata Sw\u0119drowska<\/p>\n\n\n\n<p><strong><a href=\"https:\/\/www.facebook.com\/100001181205564\/videos\/3715410088508328\">Postaw si\u0119 na moim miejscu<\/a><\/strong> &#8211; Isern Susanna \/ czyta Ma\u0142gorzata Sw\u0119drowska<\/p>\n\n\n\n<p><strong><a href=\"https:\/\/www.facebook.com\/100001181205564\/videos\/3306254886090519\">My\u015bli Teo<\/a><\/strong> &#8211; Agata Kr\u00f3lak \/ czyta Ma\u0142gorzata Sw\u0119drowska<\/p>\n\n\n\n<p><strong><a href=\"https:\/\/www.facebook.com\/wydawnictwowytwornia\/videos\/250114249453523\/\">Edzio przyj\u0119cie w blasku ksi\u0119\u017cyca<\/a><\/strong> &#8211; Astrid Desbordes, Marc Boutavant \/ czyta Micha\u0142 Podsiad\u0142o<\/p>\n\n\n\n<p><strong><a href=\"https:\/\/www.facebook.com\/wydawnictwowytwornia\/videos\/2565337727051203\/\">Urodziny Edzia<\/a><\/strong> &#8211; Astrid Desbordes, Marc Boutavant \/ czyta Micha\u0142 Podsiad\u0142o<\/p>\n\n\n\n<p><strong><a href=\"https:\/\/www.facebook.com\/wydawnictwowytwornia\/videos\/213385823439488\/\">Co\u015b<\/a><\/strong> &#8211; Astrid Desbordes, Marc Boutavant \/ czyta Micha\u0142 Podsiad\u0142o<\/p>\n\n\n\n<p><strong><a href=\"https:\/\/www.facebook.com\/wydawnictwowytwornia\/videos\/1050203062021100\/\">Zapchlony kundel<\/a><\/strong> &#8211; Colas Gutman, Marc Boutavant \/ czyta Micha\u0142 Podsiad\u0142o  <\/p>\n\n\n\n<p><strong><a href=\"https:\/\/www.facebook.com\/wydawnictwowytwornia\/videos\/1444775089016591\/\">Z g\u00f3rki na pazurki<\/a><\/strong> &#8211; Astrid Desbordes, Marc Boutavant \/ czyta Micha\u0142 Podsiad\u0142o<\/p>\n\n\n\n<p><strong><a href=\"https:\/\/www.facebook.com\/wydawnictwowytwornia\/videos\/213484803276081\/\">Droga na g\u00f3r\u0119<\/a><\/strong> &#8211; Marianne Dubuc \/ czyta Micha\u0142 Podsiad\u0142o<\/p>\n\n\n\n<p><strong><a href=\"https:\/\/www.facebook.com\/wydawnictwowytwornia\/videos\/213484803276081\/\">Polcia i Helcia<\/a><\/strong> &#8211; Astrid Desbordes , Marc Boutavant \/ czyta Micha\u0142 Podsiad\u0142o<\/p>\n\n\n\n<p><strong><a href=\"https:\/\/www.facebook.com\/KlaraBielawkalike\/posts\/3825965937523084\">M\u00f3j cie\u0144 jest r\u00f3\u017cowy<\/a><\/strong> &#8211; Scott Stuart \/ czyta Klara Bielawka<\/p>\n\n\n\n<p><strong><a href=\"https:\/\/www.facebook.com\/klara.bielawka\/videos\/10157480102751902\/\" data-type=\"URL\" data-id=\"https:\/\/www.facebook.com\/klara.bielawka\/videos\/10157480102751902\/\">Einstein na wi\u0105zce \u015bwiat\u0142a<\/a><\/strong> &#8211; Jennifer Berne \/ czyta Klara Bielawka <\/p>\n\n\n\n<p><strong><a href=\"https:\/\/www.facebook.com\/klara.bielawka\/videos\/10157443836341902\/\">M\u00f3j cie\u0144<\/a><\/strong> &#8211; M\u00e9lanie Rutten \/ czyta Klara Bielawka<\/p>\n\n\n\n<p><strong><a href=\"https:\/\/www.facebook.com\/klara.bielawka\/videos\/10157455041146902\/\">\u0179r\u00f3d\u0142o<\/a><\/strong> &#8211; M\u00e9lanie Rutten \/ czyta Klara Bielawka<\/p>\n\n\n\n<p><strong><a href=\"https:\/\/www.facebook.com\/klara.bielawka\/videos\/10157462752931902\/\">M\u00f3j las<\/a><\/strong> &#8211; M\u00e9lanie Rutten \/ czyta Klara Bielawka<\/p>\n\n\n\n<p><strong><a href=\"https:\/\/www.facebook.com\/klara.bielawka\/videos\/10157420555536902\/\">Kret sam na scenie<\/a><\/strong> &#8211; Ulfa Nilssona \/ czyta Klara Bielawka<\/p>\n\n\n\n<p><strong><a href=\"https:\/\/www.facebook.com\/klara.bielawka\/videos\/10157413279576902\/\">Filharmonicy si\u0119 stroj\u0105<\/a><\/strong> &#8211; Karla Kuskin, Marc Simont<\/p>\n\n\n\n<p><strong><a href=\"https:\/\/www.facebook.com\/klara.bielawka\/videos\/10157487015136902\/\">Marcelek<\/a><\/strong> &#8211; Jean-Jacques Sempe<\/p>\n\n\n\n<p><strong><a href=\"https:\/\/www.facebook.com\/CafeKulturalna\/videos\/899963987124900\/\">Piaskowy Wilk<\/a><\/strong> &#8211; \u00c5sa Lind w odcinkach<\/p>\n\n\n\n<p><strong><a href=\"https:\/\/www.facebook.com\/klara.bielawka\/videos\/10157476521226902\/\">dwie ksi\u0105\u017cki: <\/a>Co wypanda a co nie wypanda<\/strong> &#8211; Ola Cie\u015blak oraz <strong>Pas assez de place<\/strong> &#8211; Ralph Steadman<\/p>\n\n\n\n<p><a href=\"https:\/\/www.facebook.com\/klara.bielawka\/videos\/10157432317136902\/\"><strong>dwie ksi\u0105\u017cki<\/strong><\/a><strong>: Co robisz z pomys\u0142em?<\/strong> &#8211; Kobi Yamada, Mae Besom oraz <strong>Moja m\u0142odsza siostra<\/strong> &#8211; Astrid Desbordes, Pauline Martin \/ czyta Klara Bielawka<\/p>\n\n\n\n<p><strong><a href=\"https:\/\/www.facebook.com\/klara.bielawka\/videos\/10157458992886902\/\">dwie ksi\u0105\u017cki:<\/a><\/strong> <strong>Co robisz z problemem?<\/strong> &#8211; Kobi Yamada, Mae Besom oraz <strong>G\u0142upi dzidziu\u015b<\/strong> &#8211; Stephanie Blake \/ czyta Klara Bielawka<\/p>\n\n\n\n<p><strong><a href=\"https:\/\/www.facebook.com\/klara.bielawka\/videos\/10157436080426902\/\">dwie ksi\u0105\u017cki:<\/a><\/strong> <strong>Co mi powiedzia\u0142 tata?<\/strong> &#8211; Astrid Desbordes i Pauline Martin oraz <strong>Pi\u0119ciu nieudanych<\/strong> &#8211; Beatrice Alemagna \/ czyta Klara Bielawka<\/p>\n\n\n\n<p><strong><a href=\"https:\/\/www.facebook.com\/klara.bielawka\/videos\/10157428247411902\/\">dwie ksi\u0105\u017cki:<\/a><\/strong> <strong>Gdzie jest moja czapeczka<\/strong>? &#8211; Jon Klassen oraz <strong>Mi\u0142o\u015b\u0107<\/strong> &#8211; Astrid Desbordes i Pauline Martin \/ czyta Klara Bielawka<\/p>\n\n\n\n<p><strong><a href=\"https:\/\/www.facebook.com\/klara.bielawka\/videos\/10157424310671902\/\">trzy ksi\u0105\u017cki:<\/a><\/strong> <strong>Kupa siku<\/strong> &#8211; Stephanie Blake, <strong>Tam, gdzie \u017cyj\u0105 dzikie stwory<\/strong> &#8211; Maurice Sendak, <strong>Dzieci to koszmarne zwierz\u0105tka domowe<\/strong>\u201d Petera Browna \/ czyta Klara Bielawka<\/p>\n\n\n\n<p><strong><a href=\"https:\/\/www.facebook.com\/klara.bielawka\/videos\/10157440126076902\/\">dwie ksi\u0105\u017cki:<\/a> <strong>Jestem najsilniejszy<\/strong><\/strong> &#8211; Mario Ramos oraz <strong>Przyja\u017a\u0144<\/strong> &#8211; Astrid Desbordes i Pauline Martin \/ czyta Klara Bielawka<\/p>\n\n\n\n<p><a href=\"https:\/\/www.facebook.com\/klara.bielawka\/videos\/10157451354876902\/\"><strong>dwie ksi\u0105\u017cki:<\/strong><\/a> <strong>Gdy smok si\u0119 wprowadza<\/strong> &#8211; Jodi Moore oraz <strong>W kieszonce<\/strong> &#8211; Iwony Chmielewskiej \/ czyta Klara Bielawka<\/p>\n\n\n\n<p><strong><a href=\"https:\/\/www.facebook.com\/klara.bielawka\/videos\/10157416946361902\/\">dwie ksi\u0105\u017cki:<\/a> Co!?<\/strong> &#8211; Kate Lum oraz <strong>Zbyt p\u00f3\u017ano <\/strong>&#8211; Giovanna Zoboli, Camilla Engman \/ czyta Klara Bielawka<\/p>\n\n\n\n<p><strong><a href=\"https:\/\/www.facebook.com\/klara.bielawka\/videos\/10157447648986902\/\">dwie ksi\u0105\u017cki:<\/a><\/strong> <strong>Raz czterej m\u0119drcy<\/strong> &#8211; Antoni Marianowicz, Janusz Stanny  oraz <strong>Przed Twoim urodzeniem<\/strong> &#8211; Rascal, Mandana Sadat \/ czyta Klara Bielawka<\/p>\n\n\n\n<p><strong><a href=\"https:\/\/www.facebook.com\/klara.bielawka\/videos\/10157466322136902\/\">dwie ksi\u0105\u017cki:<\/a> <strong>\u015aniadanie u kr\u00f3la <\/strong>&#8211; <\/strong>A. A. Milne, Eryk Lipi\u0144ski oraz <strong>Mus jab\u0142kowy &#8211;<\/strong> Klaas Verplancke <\/p>\n\n\n\n<p><strong><a href=\"https:\/\/www.facebook.com\/KrakowMiastoLiteraturyUNESCO\/videos\/250864542705616\/\">Pszczo\u0142y<\/a><\/strong> &#8211; Piotr Socha \/ czyta Piotr Socha<\/p>\n\n\n\n<p><a href=\"https:\/\/www.facebook.com\/KrakowMiastoLiteraturyUNESCO\/videos\/904145733348081\/?t=12\"><strong>Pan Kuleczka &#8211; Z\u0142y sen<\/strong><\/a> &#8211; Wojciech Wid\u0142ak \/ czyta Wojciech Wid\u0142ak <\/p>\n\n\n\n<p><strong><a href=\"https:\/\/www.facebook.com\/wojwid\/videos\/1538832756285822\/\">Pan Kuleczka<\/a><\/strong> &#8211; Wojciech Wid\u0142ak \/ czyta Wojciech Wid\u0142ak<\/p>\n\n\n\n<p><strong><a href=\"https:\/\/vod.tvp.pl\/video\/czytanie-przed-spaniem,pan-kuleczka-jaskinia,42808942\">Pan Kuleczka. Jaskinia<\/a><\/strong> &#8211; Wojciech Wid\u0142ak \/ czyta Jan Peszek<\/p>\n\n\n\n<p><strong><a href=\"https:\/\/www.facebook.com\/KrakowMiastoLiteraturyUNESCO\/videos\/558745281735922\/\">Ja\u015b i Janeczka. Tom 1<\/a><\/strong> &#8211; Annie M.G. Schmidt \/ czyta Maja Porczy\u0144ska-Szarapa<\/p>\n\n\n\n<p><strong>Elmer<\/strong> (kilka czytanek &#8211; <a href=\"https:\/\/www.facebook.com\/fanpageBajOla\/videos\/3027358797285677\/\">I<\/a> &#8211; <a href=\"https:\/\/www.facebook.com\/fanpageBajOla\/videos\/205447227562702\/\">II<\/a> &#8211; <a href=\"https:\/\/www.facebook.com\/fanpageBajOla\/videos\/820779991739756\/\">III<\/a> &#8211; <a href=\"https:\/\/www.facebook.com\/fanpageBajOla\/videos\/212001710075879\/\">IV<\/a>) &#8211; David McKee \/ czyta Aleksandra Rutkowska<\/p>\n\n\n\n<p><strong><a href=\"https:\/\/www.facebook.com\/fanpageBajOla\/videos\/651139035447743\/\">Owco \u015bpij<\/a><\/strong> &#8211; Kerry Lyn Sparrow \/ czyta Aleksandra Rutkowska<\/p>\n\n\n\n<p><strong><a href=\"https:\/\/www.facebook.com\/fanpageBajOla\/videos\/807051859781347\/\">Lokomotywa<\/a><\/strong> &#8211; Julian Tuwim \/ czyta Aleksandra Rutkowska <\/p>\n\n\n\n<p><strong><a href=\"https:\/\/www.facebook.com\/fanpageBajOla\/videos\/222449122372084\/\">S\u0142o\u0144 Tr\u0105balski<\/a><\/strong> &#8211; Julian Tuwim \/ czyta Aleksandra Rutkowska<\/p>\n\n\n\n<p><strong><a href=\"https:\/\/www.facebook.com\/fanpageBajOla\/videos\/2746841162219070\/\">Kwoka<\/a><\/strong> &#8211; Jan Brzechwa \/ czyta Aleksandra Rutkowska<\/p>\n\n\n\n<p><strong><a href=\"https:\/\/youtu.be\/t2cRatw2cko\">Opowiadania do chichotania<\/a><\/strong> &#8211; Renata Pi\u0105tkowska \/ czyta Artur Barci\u015b<\/p>\n\n\n\n<p><a href=\"https:\/\/www.facebook.com\/AutoFus\/videos\/179768853345756\"><strong>Mama Mu<\/strong><\/a> &#8211; Jujja Wieslander \/ czyta Piotr Fronczewski<\/p>\n\n\n\n<p><strong><a href=\"https:\/\/www.facebook.com\/WydawnictwoNaszaKsiegarnia\/videos\/225955811822280\/\">Dusia i Psinek-\u015awinek. Dzie\u0144 Niegrzeczniucha<\/a><\/strong> &#8211; Justyna Bednarek \/ czyta Justyna Bednarek<\/p>\n\n\n\n<p><a href=\"https:\/\/www.facebook.com\/WydawnictwoNaszaKsiegarnia\/videos\/1237674566430536\/\"><strong>Figiel i Psikus. Mi\u0119dzy nami chochlikami<\/strong><\/a> &#8211; Wojciech Wid\u0142ak \/ czyta Wojciech Wid\u0142ak<\/p>\n\n\n\n<p><a href=\"https:\/\/www.facebook.com\/DwieSiostry\/videos\/609512343008407\/\"><strong>dwie ksi\u0105\u017cki:<\/strong><\/a> <strong>Ucieszki Cieszka<\/strong> oraz <strong>Nowe Ucieszki Cieszka<\/strong> Zdenek Sv\u011br\u00e1k \/ Wydawnictwo Dwie Siostry<\/p>\n\n\n\n<p><strong><a href=\"https:\/\/youtu.be\/7RnfayMB77g\">Male\u0144ki pirat<\/a><\/strong> &#8211; Alicia Acosta \/ czytaj\u0105 pracownicy Wydawnictwa Dwukropek<\/p>\n\n\n\n<p><a href=\"https:\/\/www.facebook.com\/watch\/?v=159003558746502\"><strong>Gdy Pola si\u0119 zgubi<\/strong> <\/a>&#8211; Gabriela Rzepecka-Weiss \/ czyta Gabriela Rzepecka-Weiss<\/p>\n\n\n\n<p><a href=\"https:\/\/www.facebook.com\/Qlturka\/videos\/732057390663103\/\"><strong>O niezwyk\u0142ym ch\u0142opcu, kt\u00f3ry po\u017cera\u0142 ksi\u0105\u017cki<\/strong><\/a> &#8211; Oliver Jeffers \/ czyta Qlturka<\/p>\n\n\n\n<p><strong><a href=\"https:\/\/www.facebook.com\/Qlturka\/videos\/229600814904788\/\">Panda Bonia<\/a><\/strong> &#8211; Urszula Morga, Bogna Pniewska \/ czyta Qlturka<\/p>\n\n\n\n<p><strong><a href=\"https:\/\/www.facebook.com\/Qlturka\/videos\/1051668545216021\/\">Zebra<\/a><\/strong> &#8211; Ifi Ude \/ czyta Qlturka<\/p>\n\n\n\n<p><strong><a href=\"https:\/\/www.facebook.com\/kinodzieci\/videos\/1534404253400082\/\">Wielka ksi\u0119ga przedszkola<\/a><\/strong> &#8211; Zofia Stanecka \/ czyta Zofia Stanecka<\/p>\n\n\n\n<p><strong><a href=\"https:\/\/youtu.be\/WtgpB9XGQOk\">Weso\u0142y Ryjek i plastelina<\/a><\/strong> &#8211; Wojciech Wid\u0142ak \/ czyta Katarzyna Pakosi\u0144ska<\/p>\n\n\n\n<p><strong><a href=\"https:\/\/youtu.be\/Ol9uKOGlDZc\">Weso\u0142y Ryjek i \u015bnieg<\/a><\/strong> &#8211; Wojciech Wid\u0142ak \/ czyta Andrzej Grabowski<\/p>\n\n\n\n<p><strong><a href=\"https:\/\/vod.tvp.pl\/video\/czytanie-przed-spaniem,babcocha-cz-i,39265141\">Jak Babcocha kupi\u0142a kokosanki za \u017co\u0142\u0119dzie<\/a><\/strong> z ksi\u0105\u017cki <strong>Babcocha<\/strong> &#8211; Justyna Bednarek \/ czyta Paulina Lasota<\/p>\n\n\n\n<p><strong><a href=\"https:\/\/vod.tvp.pl\/video\/czytanie-przed-spaniem,basia-i-franek-bloto,27032065\">Basia i Franek. B\u0142oto<\/a><\/strong> &#8211; Zofia Stanecka, Marianna Oklejak \/ czyta Tomasz B\u0142asiak<\/p>\n\n\n\n<p><strong><a href=\"https:\/\/vod.tvp.pl\/video\/czytanie-przed-spaniem,bajka-o-drzewie,35608403\">Bajka o drzewie<\/a><\/strong> &#8211; Eliza Piotrowska\/ czyta Krzysztof Kowalewski<\/p>\n\n\n\n<p><a href=\"https:\/\/www.facebook.com\/calapolskaczytadzieciom\/videos\/850111368834266\/\"><strong>Plaster czarownicy<\/strong> i <strong>inne ba\u015bnie<\/strong><\/a> &#8211; Ma\u0142gorzata Strza\u0142kowska \/ czyta Dorota Koman<\/p>\n\n\n\n<p><strong><a href=\"https:\/\/www.facebook.com\/mediarodzina\/videos\/693077391497277\/\">\u017bubr Pompik<\/a><\/strong> &#8211; Tomasz Samojlik&nbsp;\/ czytaj\u0105 pracownicy Wydawnictwa Media Rodzina<\/p>\n","protected":false},"excerpt":{"rendered":"<p>Ma\u0142e dzieci powinny oswaja\u0107 si\u0119 z ksi\u0105\u017ckami poniewa\u017c ksi\u0105\u017cki s\u0105 niesamowicie wa\u017cnym elementem edukacji kulturalnej dziecka. Czytanie jednak powinno by\u0107 dobr\u0105 zabaw\u0105, rozwijaj\u0105c\u0105 kompetencje dziecka zwi\u0105zane z&nbsp;komunikacj\u0105, inteligencj\u0105 emocjonaln\u0105, koncentracj\u0105, emocjami i&nbsp;odpoczynkiem. Mamy nadziej\u0119, \u017ce w tak du\u017cym wyborze znajdzie si\u0119 niejedna ksi\u0105\u017cka, kt\u00f3ra zainteresuje dzieci. Zestawienie poni\u017cszych bajek i opowiada\u0144 zosta\u0142o zakwalifikowane do grupy [&hellip;]<\/p>\n","protected":false},"author":21,"featured_media":0,"parent":0,"menu_order":0,"comment_status":"closed","ping_status":"closed","template":"","meta":{"_mi_skip_tracking":false},"_links":{"self":[{"href":"https:\/\/www.sp14.tychy.pl\/index.php?rest_route=\/wp\/v2\/pages\/11006"}],"collection":[{"href":"https:\/\/www.sp14.tychy.pl\/index.php?rest_route=\/wp\/v2\/pages"}],"about":[{"href":"https:\/\/www.sp14.tychy.pl\/index.php?rest_route=\/wp\/v2\/types\/page"}],"author":[{"embeddable":true,"href":"https:\/\/www.sp14.tychy.pl\/index.php?rest_route=\/wp\/v2\/users\/21"}],"replies":[{"embeddable":true,"href":"https:\/\/www.sp14.tychy.pl\/index.php?rest_route=%2Fwp%2Fv2%2Fcomments&post=11006"}],"version-history":[{"count":14,"href":"https:\/\/www.sp14.tychy.pl\/index.php?rest_route=\/wp\/v2\/pages\/11006\/revisions"}],"predecessor-version":[{"id":11189,"href":"https:\/\/www.sp14.tychy.pl\/index.php?rest_route=\/wp\/v2\/pages\/11006\/revisions\/11189"}],"wp:attachment":[{"href":"https:\/\/www.sp14.tychy.pl\/index.php?rest_route=%2Fwp%2Fv2%2Fmedia&parent=11006"}],"curies":[{"name":"wp","href":"https:\/\/api.w.org\/{rel}","templated":true}]}}